{"version":"1.0","provider_name":"St\u00edlusosan","provider_url":"https:\/\/stilus.cafeblog.hu","author_name":"Holli","author_url":"https:\/\/stilus.cafeblog.hu\/author\/Holli\/","title":"H\u00e1t ha m\u00e9g gondolkodtam is volna...","html":"<P>Nagy \u00f6tlet volt, r\u00e1klikkelni egy gy\u00e1ri sablonra, persze megint erre a sima k\u00e9kre. <\/P>\r\n<P>Gondoltam, meg\u00e9r egy pr\u00f3b\u00e1t, h\u00e1tha vissza\u00e1ll a rend. \u00dagy is lett, el\u0151ker\u00fclt a f\u0151oldali sablonom, ennek borzaszt\u00f3an \u00f6r\u00fcl\u00f6k. Annak is \u00f6r\u00fcl\u00f6k, hogy klikkel\u00e9s el\u0151tt kim\u00e1soltam a af\u0151oldal&nbsp;forr\u00e1sk\u00f3dj\u00e1t, hogy ne kelljen \u00fajb\u00f3l kigondolni p\u00e9ld\u00e1ul a&nbsp;keretezett r\u00e9szek&nbsp;tulajdons\u00e1gait. <\/P>\r\n<P>Azt sajnos elfelejtettem, hogy a m\u00e1sik k\u00e9t sablont - az arch\u00edv oldalt \u00e9s a bejegyz\u00e9s oldalt - is m\u00f3dos\u00edtgattam, \u00edgy amiket ott \u00fcgyk\u00f6dtem, azok most mind elt\u0171ntek, no br\u00e1v\u00f3 :)&nbsp;<\/P>","type":"rich"}